{"version":"1.0","provider_name":"Bizalmi K\u00f6r blog","provider_url":"https:\/\/bizalmikor.hu\/blog","author_name":"B\u00f3dis Tam\u00e1s","author_url":"https:\/\/bizalmikor.hu\/blog\/author\/bodis-tamas\/","title":"Lend\u00fcletben a tavasz, meg\u00fajultak a klubesem\u00e9nyek!","type":"rich","width":600,"height":338,"html":"<blockquote class=\"wp-embedded-content\" data-secret=\"KCaenAfNct\"><a href=\"https:\/\/bizalmikor.hu\/blog\/2024\/03\/12\/marcius-klubesemeny-osszefoglalo\/\">Lend\u00fcletben a tavasz, meg\u00fajultak a klubesem\u00e9nyek!<\/a><\/blockquote><iframe sandbox=\"allow-scripts\" security=\"restricted\" src=\"https:\/\/bizalmikor.hu\/blog\/2024\/03\/12\/marcius-klubesemeny-osszefoglalo\/embed\/#?secret=KCaenAfNct\" width=\"600\" height=\"338\" title=\"&#8220;Lend\u00fcletben a tavasz, meg\u00fajultak a klubesem\u00e9nyek!&#8221; &#8212; Bizalmi K\u00f6r blog\" data-secret=\"KCaenAfNct\" frameborder=\"0\" marginwidth=\"0\" marginheight=\"0\" scrolling=\"no\" class=\"wp-embedded-content\"><\/iframe><script type=\"text\/javascript\">\n\/* <![CDATA[ *\/\n\/*! This file is auto-generated *\/\n!function(d,l){\"use strict\";l.querySelector&&d.addEventListener&&\"undefined\"!=typeof URL&&(d.wp=d.wp||{},d.wp.receiveEmbedMessage||(d.wp.receiveEmbedMessage=function(e){var t=e.data;if((t||t.secret||t.message||t.value)&&!\/[^a-zA-Z0-9]\/.test(t.secret)){for(var s,r,n,a=l.querySelectorAll('iframe[data-secret=\"'+t.secret+'\"]'),o=l.querySelectorAll('blockquote[data-secret=\"'+t.secret+'\"]'),c=new RegExp(\"^https?:$\",\"i\"),i=0;i<o.length;i++)o[i].style.display=\"none\";for(i=0;i<a.length;i++)s=a[i],e.source===s.contentWindow&&(s.removeAttribute(\"style\"),\"height\"===t.message?(1e3<(r=parseInt(t.value,10))?r=1e3:~~r<200&&(r=200),s.height=r):\"link\"===t.message&&(r=new URL(s.getAttribute(\"src\")),n=new URL(t.value),c.test(n.protocol))&&n.host===r.host&&l.activeElement===s&&(d.top.location.href=t.value))}},d.addEventListener(\"message\",d.wp.receiveEmbedMessage,!1),l.addEventListener(\"DOMContentLoaded\",function(){for(var e,t,s=l.querySelectorAll(\"iframe.wp-embedded-content\"),r=0;r<s.length;r++)(t=(e=s[r]).getAttribute(\"data-secret\"))||(t=Math.random().toString(36).substring(2,12),e.src+=\"#?secret=\"+t,e.setAttribute(\"data-secret\",t)),e.contentWindow.postMessage({message:\"ready\",secret:t},\"*\")},!1)))}(window,document);\n\/* ]]> *\/\n<\/script>\n","thumbnail_url":"https:\/\/bizalmikor.hu\/blog\/wp-content\/uploads\/2024\/03\/BK2024.03.05_148-scaled.jpg","thumbnail_width":2560,"thumbnail_height":1703,"description":"A napokban megrendezt\u00fck a m\u00e1rciusi klubesem\u00e9nyeineket, ahol mind a meg\u00fajult helysz\u00edn, mind a lend\u00fcletes el\u0151ad\u00e1sok \u00f3ri\u00e1si sikert arattak!"}